{"id":86,"date":"2019-09-27T20:22:01","date_gmt":"2019-09-27T20:22:01","guid":{"rendered":"https:\/\/wordpress.kisaki-muenster.de\/?page_id=86"},"modified":"2026-04-16T22:08:21","modified_gmt":"2026-04-16T20:08:21","slug":"trainerstab","status":"publish","type":"page","link":"https:\/\/www.kisaki-muenster.de\/?page_id=86","title":{"rendered":"Unsere Trainer\/innen"},"content":{"rendered":"\n<p><strong>Unsere Trainer f\u00fcr die Erwachsenen<\/strong><\/p>\n<table style=\"border-collapse: collapse; width: 100%; height: 981px;\">\n<tbody>\n<tr style=\"height: 275px;\">\n<td style=\"width: 25%; height: 275px;\"><img loading=\"lazy\" decoding=\"async\" class=\"aligncenter wp-image-321\" src=\"https:\/\/www.kisaki-muenster.de\/wp-content\/uploads\/2019\/09\/Trainerportrait_Ludger.jpg\" alt=\"\" width=\"140\" height=\"210\" \/><\/td>\n<td style=\"width: 25%; height: 275px;\">\n<p><strong>Ludger Niemann<br \/>Dojoleitung<br \/><\/strong><\/p>\n<p>Karate seit 1982<\/p>\n<p>Graduierung:<br \/>7. Dan<\/p>\n<p>Trainerlizenz:<br \/>B-Trainer<\/p>\n<p>Pr\u00fcferlizenz:<br \/>A-Pr\u00fcfer<\/p>\n<\/td>\n<td style=\"width: 25%; height: 275px;\"><img loading=\"lazy\" decoding=\"async\" class=\"aligncenter wp-image-322\" src=\"https:\/\/www.kisaki-muenster.de\/wp-content\/uploads\/2019\/09\/Trainerportrait_Judith.jpg\" alt=\"\" width=\"140\" height=\"210\" \/><\/td>\n<td style=\"width: 25%; height: 275px;\">\n<p><strong>Judith Niemann<br \/>Dojoleitung<br \/><\/strong><\/p>\n<p>Karate seit 1995<\/p>\n<p>Graduierung:<br \/>6. Dan<\/p>\n<p>Trainerlizenz:<br \/>B-Trainerin<\/p>\n<p>Pr\u00fcferlizenz:<br \/>A-Pr\u00fcferin<\/p>\n<\/td>\n<\/tr>\n<tr style=\"height: 227px;\">\n<td style=\"width: 25%; height: 227px;\"><img loading=\"lazy\" decoding=\"async\" class=\"aligncenter wp-image-323\" src=\"https:\/\/www.kisaki-muenster.de\/wp-content\/uploads\/2019\/09\/Trainerportrait_Frank.jpg\" alt=\"\" width=\"140\" height=\"210\" \/><\/td>\n<td style=\"width: 25%; height: 227px;\"><strong>Frank Frey<\/strong><br \/><strong>Dojoleitung<\/strong><br \/>\u00a0<br \/>Karate seit 1986<br \/>\u00a0<br \/>Graduierung:<br \/>5. Dan<br \/>\u00a0<br \/>Trainerlizenz:<br \/>C-Trainer<br \/>\u00a0<br \/>Pr\u00fcferlizenz:<br \/>B-Pr\u00fcfer<\/td>\n<td style=\"width: 25%; height: 227px;\"><img loading=\"lazy\" decoding=\"async\" class=\"aligncenter wp-image-324\" src=\"https:\/\/www.kisaki-muenster.de\/wp-content\/uploads\/2019\/09\/Trainerportrait_Kay.jpg\" alt=\"\" width=\"140\" height=\"210\" \/><\/td>\n<td style=\"width: 25%; height: 227px;\"><strong>Kay Frey<\/strong><br \/><strong>Dojoleitung<\/strong><br \/>\u00a0<br \/>Karate seit 1986<br \/>\u00a0<br \/>Graduierung:<br \/>5. Dan<br \/>\u00a0<br \/>Trainerlizenz:<br \/>B-Trainer<br \/>\u00a0<br \/>Pr\u00fcferlizenz:<br \/>B-Pr\u00fcfer<\/td>\n<\/tr>\n<tr style=\"height: 227px;\">\n<td style=\"width: 25%; height: 227px;\"><img loading=\"lazy\" decoding=\"async\" class=\"aligncenter wp-image-325\" src=\"https:\/\/www.kisaki-muenster.de\/wp-content\/uploads\/2019\/09\/Trainerportrait_Matthias.jpg\" alt=\"\" width=\"140\" height=\"210\" \/><\/td>\n<td style=\"width: 25%; height: 227px;\"><strong>Matthias Hagedorn<\/strong><br \/><strong>Dojoleitung<\/strong><br \/>\u00a0<br \/>Karate seit 2001<br \/>\u00a0<br \/>Graduierung:<br \/>4. Dan<br \/>\u00a0 <br \/>Pr\u00fcferlizenz:<br \/>B-Pr\u00fcfer<\/td>\n<td style=\"width: 25%; height: 227px;\">\u00a0<\/td>\n<td style=\"width: 25%; height: 227px;\">\u00a0<\/td>\n<\/tr>\n<tr style=\"height: 252px;\">\n<td style=\"width: 25%; height: 252px;\"><img loading=\"lazy\" decoding=\"async\" class=\"aligncenter wp-image-326\" src=\"https:\/\/www.kisaki-muenster.de\/wp-content\/uploads\/2019\/09\/Trainerportrait_Fabian.jpg\" alt=\"\" width=\"140\" height=\"210\" \/><\/td>\n<td style=\"width: 25%; height: 252px;\">\n<p><strong>Fabian Kreyenborg<\/strong><\/p>\n<p>Karate seit 1995<\/p>\n<p>Graduierung:<br \/>4. Dan<\/p>\n<p>Trainerlizenz:<br \/>B-Trainer<br \/>SV-Karate-Lehrer Bronze<br \/>DKV Karatelehrer<\/p>\n<p>Pr\u00fcferlizenz:<br \/>B-Pr\u00fcfer<\/p>\n<\/td>\n<td style=\"width: 25%; height: 252px;\"><img loading=\"lazy\" decoding=\"async\" class=\"aligncenter wp-image-328\" src=\"https:\/\/www.kisaki-muenster.de\/wp-content\/uploads\/2019\/09\/Trainerportrait_Uwe.jpg\" alt=\"\" width=\"140\" height=\"210\" \/><\/td>\n<td style=\"width: 25%; height: 252px;\">\n<p><strong>Uwe Helmke<\/strong><\/p>\n<p>Karate seit 2007<\/p>\n<p>Graduierung:<br \/>3. Dan<\/p>\n<p>Trainerlizenz:<br \/>B-Trainer<br \/>DKV Karatelehrer<\/p>\n<p>Pr\u00fcferlizenz:<br \/>B-Pr\u00fcfer<\/p>\n<\/td>\n<\/tr>\n<tr>\n<td style=\"width: 25%; text-align: center;\"><em><strong><a href=\"https:\/\/www.kisaki-muenster.de\/?attachment_id=3625#main\" rel=\"attachment wp-att-3625\"><img loading=\"lazy\" decoding=\"async\" class=\"aligncenter size-full wp-image-3625\" src=\"https:\/\/www.kisaki-muenster.de\/wp-content\/uploads\/2025\/05\/Igor-225px.jpg\" alt=\"\" width=\"150\" height=\"225\" \/><\/a><\/strong><\/em><\/td>\n<td style=\"width: 25%;\">\n<p><strong>Igor Talochka<\/strong><\/p>\n<p>Karate seit 1988<\/p>\n<p>Graduierungen:<br \/>3. Dan Goju-Ryu<br \/>1. Dan Shotokan<\/p>\n<p>Weitere Kampfsport-Erfahrungen: Ringen, Boxen, Krav Maga, Russian Martial Art, Muay Thai, Kickboxen, Vollkontakt-Karate<\/p>\n<\/td>\n<td style=\"width: 25%; text-align: center;\"><a href=\"https:\/\/www.kisaki-muenster.de\/?attachment_id=3627#main\" rel=\"attachment wp-att-3627\"><img loading=\"lazy\" decoding=\"async\" class=\"aligncenter size-full wp-image-3627\" src=\"https:\/\/www.kisaki-muenster.de\/wp-content\/uploads\/2025\/05\/Stefan-Arnold-225-1.jpg\" alt=\"\" width=\"150\" height=\"200\" \/><\/a><\/td>\n<td style=\"width: 25%;\">\n<p><strong>Stefan Arnold<\/strong><\/p>\n<p>Karate seit 2008<\/p>\n<p>Graduierung:<br \/>2. Dan<br \/><br \/><\/p>\n<\/td>\n<\/tr>\n<\/tbody>\n<\/table>\n<p><strong>Unsere Trainer f\u00fcr die Kinder<\/strong><\/p>\n<table style=\"border-collapse: collapse; width: 100%;\">\n<tbody>\n<tr>\n<td style=\"width: 25%;\"><img loading=\"lazy\" decoding=\"async\" class=\"aligncenter wp-image-334\" src=\"https:\/\/www.kisaki-muenster.de\/wp-content\/uploads\/2019\/09\/Judith.jpg\" alt=\"\" width=\"140\" height=\"211\" \/><\/td>\n<td style=\"width: 25%;\">\n<p><strong>Judith Niemann<\/strong><\/p>\n<p>Karate seit 1995<br \/><br \/>Graduierung:<br \/>6. Dan<\/p>\n<p>Trainerlizenz:<br \/>B-Trainerin<\/p>\n<p>Pr\u00fcferlizenz:<br \/>A-Pr\u00fcferin<\/p>\n<\/td>\n<td style=\"width: 25%;\"><img loading=\"lazy\" decoding=\"async\" class=\"aligncenter wp-image-583\" src=\"https:\/\/www.kisaki-muenster.de\/wp-content\/uploads\/2019\/10\/Trainerportrait_Stephan_IMG_5610_225.jpg\" alt=\"\" width=\"140\" height=\"210\" \/><\/td>\n<td style=\"width: 25%;\">\n<p><strong>Stephan Junker<br \/><\/strong><\/p>\n<p>Karate seit 2015<\/p>\n<p>Graduierung:<br \/>1. Dan<\/p>\n<p>Trainerlizenz:<br \/>DKV-Soundkarate f\u00fcr Verein \/ Schule<\/p>\n<p>Pr\u00fcferlizenz:<br \/>C-Pr\u00fcfer<\/p>\n<\/td>\n<\/tr>\n<tr>\n<td style=\"width: 25%;\"><img loading=\"lazy\" decoding=\"async\" class=\"aligncenter wp-image-637\" src=\"https:\/\/www.kisaki-muenster.de\/wp-content\/uploads\/2019\/10\/Trainerportrait_Iris_IMG_5657.jpg\" alt=\"\" width=\"140\" height=\"210\" \/><\/td>\n<td style=\"width: 25%;\">\n<p><strong>Iris Bachmann<\/strong><\/p>\n<p>Karate seit 2003<\/p>\n<p>Graduierung:<br \/>1. Dan<\/p>\n<p>Trainerlizenz:<br \/>DKV-Soundkarate f\u00fcr Verein \/ Schule<br \/>\u00dcbungsleiterin C<\/p>\n<p>Pr\u00fcferlizenz:<br \/>C-Pr\u00fcferin<\/p>\n<\/td>\n<td style=\"width: 25%;\"><img loading=\"lazy\" decoding=\"async\" class=\"aligncenter wp-image-638\" src=\"https:\/\/www.kisaki-muenster.de\/wp-content\/uploads\/2019\/10\/Trainerportrait_Richard_IMG_5680.jpg\" alt=\"\" width=\"140\" height=\"210\" \/><\/td>\n<td style=\"width: 25%;\">\n<p><strong>Richard Harlandt<br \/><\/strong><\/p>\n<p>Karate seit 2002<\/p>\n<p>Graduierung:<br \/>3. Dan<\/p>\n<p>Pr\u00fcferlizenz:<br \/>B-Pr\u00fcfer<\/p>\n<\/td>\n<\/tr>\n<tr>\n<td style=\"width: 25%; text-align: center;\"><a href=\"https:\/\/www.kisaki-muenster.de\/?attachment_id=3845#main\" rel=\"attachment wp-att-3845\"><img loading=\"lazy\" decoding=\"async\" class=\"aligncenter wp-image-3845\" src=\"https:\/\/www.kisaki-muenster.de\/wp-content\/uploads\/2026\/04\/david.jpg\" alt=\"\" width=\"152\" height=\"210\" srcset=\"https:\/\/www.kisaki-muenster.de\/wp-content\/uploads\/2026\/04\/david.jpg 564w, https:\/\/www.kisaki-muenster.de\/wp-content\/uploads\/2026\/04\/david-217x300.jpg 217w\" sizes=\"auto, (max-width: 152px) 100vw, 152px\" \/><\/a><\/td>\n<td style=\"width: 25%;\">\n<p><strong>David Junker<\/strong><\/p>\n<p>Karate seit 2018<\/p>\n<p>Graduierung:<br \/>Junior-Dan<\/p>\n<p>Trainerlizenz:<br \/>Trainerassistent<\/p>\n<\/td>\n<td style=\"width: 25%;\"><a href=\"https:\/\/www.kisaki-muenster.de\/?attachment_id=3848#main\" rel=\"attachment wp-att-3848\"><img loading=\"lazy\" decoding=\"async\" class=\"aligncenter wp-image-3848\" src=\"https:\/\/www.kisaki-muenster.de\/wp-content\/uploads\/2026\/04\/paul.jpg\" alt=\"\" width=\"157\" height=\"210\" srcset=\"https:\/\/www.kisaki-muenster.de\/wp-content\/uploads\/2026\/04\/paul.jpg 632w, https:\/\/www.kisaki-muenster.de\/wp-content\/uploads\/2026\/04\/paul-224x300.jpg 224w\" sizes=\"auto, (max-width: 157px) 100vw, 157px\" \/><\/a><\/td>\n<td style=\"width: 25%;\">\n<p><strong>Paul Junker<\/strong><\/p>\n<p>Karate seit 2018<\/p>\n<p>Graduierung:<br \/>Junior-Dan<\/p>\n<p>Trainerlizenz:<br \/>Trainerassistent<\/p>\n<\/td>\n<\/tr>\n<tr>\n<td style=\"width: 25%; text-align: center;\"><a href=\"https:\/\/www.kisaki-muenster.de\/?attachment_id=3846#main\" rel=\"attachment wp-att-3846\"><img loading=\"lazy\" decoding=\"async\" class=\"aligncenter wp-image-3846\" src=\"https:\/\/www.kisaki-muenster.de\/wp-content\/uploads\/2026\/04\/hannah.jpg\" alt=\"\" width=\"158\" height=\"210\" srcset=\"https:\/\/www.kisaki-muenster.de\/wp-content\/uploads\/2026\/04\/hannah.jpg 601w, https:\/\/www.kisaki-muenster.de\/wp-content\/uploads\/2026\/04\/hannah-225x300.jpg 225w\" sizes=\"auto, (max-width: 158px) 100vw, 158px\" \/><\/a><\/td>\n<td style=\"width: 25%;\">\n<p><strong>Hannah L\u00fctkenhaus<\/strong><\/p>\n<p>Karate seit 2018<\/p>\n<p>Graduierung:<br \/>1. Dan<\/p>\n<p>Trainerlizenz:<br \/>Trainerassistentin<\/p>\n<\/td>\n<td style=\"width: 25%;\"><a href=\"https:\/\/www.kisaki-muenster.de\/?attachment_id=3847#main\" rel=\"attachment wp-att-3847\"><img loading=\"lazy\" decoding=\"async\" class=\"aligncenter wp-image-3847\" src=\"https:\/\/www.kisaki-muenster.de\/wp-content\/uploads\/2026\/04\/lotta.jpg\" alt=\"\" width=\"146\" height=\"210\" srcset=\"https:\/\/www.kisaki-muenster.de\/wp-content\/uploads\/2026\/04\/lotta.jpg 655w, https:\/\/www.kisaki-muenster.de\/wp-content\/uploads\/2026\/04\/lotta-209x300.jpg 209w\" sizes=\"auto, (max-width: 146px) 100vw, 146px\" \/><\/a><\/td>\n<td style=\"width: 25%;\">\n<p><strong>Lotta Harlandt<\/strong><\/p>\n<p>Karate seit 2018<\/p>\n<p>Graduierung:<br \/>2. Kyu<\/p>\n<\/td>\n<\/tr>\n<tr>\n<td style=\"width: 25%;\">\u00a0<\/td>\n<td style=\"width: 25%;\">\n<p>\u00a0<\/p>\n<\/td>\n<td style=\"width: 25%;\">\u00a0<\/td>\n<td style=\"width: 25%;\">\n<p><strong>\u00a0<\/strong><\/p>\n<\/td>\n<\/tr>\n<\/tbody>\n<\/table>\n\n\n\n\n","protected":false},"excerpt":{"rendered":"<p>Unsere Trainer f\u00fcr die Erwachsenen Ludger NiemannDojoleitung Karate seit 1982 Graduierung:7. Dan Trainerlizenz:B-Trainer Pr\u00fcferlizenz:A-Pr\u00fcfer Judith NiemannDojoleitung Karate seit 1995 Graduierung:6. Dan Trainerlizenz:B-Trainerin Pr\u00fcferlizenz:A-Pr\u00fcferin Frank FreyDojoleitung\u00a0Karate seit 1986\u00a0Graduierung:5. Dan\u00a0Trainerlizenz:C-Trainer\u00a0Pr\u00fcferlizenz:B-Pr\u00fcfer Kay FreyDojoleitung\u00a0Karate &#8230; <a title=\"Unsere Trainer\/innen\" class=\"read-more\" href=\"https:\/\/www.kisaki-muenster.de\/?page_id=86\" aria-label=\"Mehr Informationen \u00fcber Unsere Trainer\/innen\">Weiterlesen<\/a><\/p>\n","protected":false},"author":2,"featured_media":0,"parent":0,"menu_order":0,"comment_status":"closed","ping_status":"closed","template":"","meta":{"_themeisle_gutenberg_block_has_review":false,"footnotes":""},"class_list":["post-86","page","type-page","status-publish"],"_links":{"self":[{"href":"https:\/\/www.kisaki-muenster.de\/index.php?rest_route=\/wp\/v2\/pages\/86","targetHints":{"allow":["GET"]}}],"collection":[{"href":"https:\/\/www.kisaki-muenster.de\/index.php?rest_route=\/wp\/v2\/pages"}],"about":[{"href":"https:\/\/www.kisaki-muenster.de\/index.php?rest_route=\/wp\/v2\/types\/page"}],"author":[{"embeddable":true,"href":"https:\/\/www.kisaki-muenster.de\/index.php?rest_route=\/wp\/v2\/users\/2"}],"replies":[{"embeddable":true,"href":"https:\/\/www.kisaki-muenster.de\/index.php?rest_route=%2Fwp%2Fv2%2Fcomments&post=86"}],"version-history":[{"count":92,"href":"https:\/\/www.kisaki-muenster.de\/index.php?rest_route=\/wp\/v2\/pages\/86\/revisions"}],"predecessor-version":[{"id":3850,"href":"https:\/\/www.kisaki-muenster.de\/index.php?rest_route=\/wp\/v2\/pages\/86\/revisions\/3850"}],"wp:attachment":[{"href":"https:\/\/www.kisaki-muenster.de\/index.php?rest_route=%2Fwp%2Fv2%2Fmedia&parent=86"}],"curies":[{"name":"wp","href":"https:\/\/api.w.org\/{rel}","templated":true}]}}